{"id":186,"date":"2023-04-11T17:45:43","date_gmt":"2023-04-11T15:45:43","guid":{"rendered":"https:\/\/amblapaz.esteri.it\/dall_ambasciata\/"},"modified":"2023-07-07T10:28:44","modified_gmt":"2023-07-07T08:28:44","slug":"dall_ambasciata","status":"publish","type":"page","link":"https:\/\/amblapaz.esteri.it\/es\/news\/dall_ambasciata\/","title":{"rendered":"De la embajada"},"content":{"rendered":"        <div class=\"row\">\n\t\t\t<!-- Ricerca sedi post -->\n\t\t\t<div class=\"col-12 mt-4\">\n\t\t\t  <div class=\"callout callout-highlight note ricerca-esteri p-4\">\n                    <div class=\"callout-title\">\n                        <svg class=\"icon\">\n                            <use xlink:href=\"https:\/\/amblapaz.esteri.it\/wp-content\/themes\/sedi-tema\/assets\/svg\/sprites.svg#it-search\"><\/use>\n                        <\/svg>Introduzca sus par\u00e1metros de b\u00fasqueda                    <\/div>\n                    <form id=\"searchFormPost\" name=\"form-search-post\" class=\"form-row align-items-center\" action=\"https:\/\/amblapaz.esteri.it\/es\/wp-json\/wp\/v2\/pages\/186\/\" method=\"GET\"> \n                        <!-- <div class=\"form-group pt-5\"> -->\n                            <!-- <input type=\"hidden\" id=\"lang\" name=\"lang\" value=\"\"> --> <!-- <\/div> -->\n\n                        <div class=\"it-datepicker-wrapper\">\n                            <div class=\"row\">\n                                <div class=\"form-group col-md-6\">\n                                    <label class=\"active\" for=\"date-init\">Desde el<\/label>\n                                    <input class=\"form-control\" name=\"date-init\" id=\"date-init\" type=\"date\" placeholder=\"gg\/mm\/aaaa\" value=\"\"lang=\"en-EN\">  \n                                <\/div>\n                                <div class=\"form-group col-md-6\">\n                                    <label class=\"active\" for=\"date-end\">Hacia<\/label>\n                                    <input class=\"form-control\" name=\"date-end\" id=\"date-end\" type=\"date\" placeholder=\"gg\/mm\/aaaa\" value=\"\">\n                                <\/div>\n                            <\/div>\n                        <\/div>\n                        <div class=\"form-group col-md-12 mt-3\">\n                            <label for=\"searchText\">Campo de b\u00fasqueda libre<\/label>\n                            <input type=\"text\" name=\"searchText\" class=\"form-control\" id=\"searchText\" value=\"\">\n                        <\/div>\n                        <div class=\"form-group col-md-4 offset-md-8 text-end\">\n                            <a href=\"https:\/\/amblapaz.esteri.it\/es\/news\/dall_ambasciata\/\" title=\"Form reset\" id=\"resetImput\" class=\"btn btn-outline-primary btn-xs\">Reset<\/a>\n                            <button type=\"submit\" class=\"btn btn-primary btn-xs\">Mostrar resultados<\/button>\n                        <\/div>\n                    <\/form>\n\t\t\t\t<\/div>\n\t\t\t<\/div>\n\t\t<\/div>\n                    \n            <div class=\"row\">\n                            <div class=\"col-12 mt-3\">\n                <!--start card-->\n                <div class=\"card-wrapper card-space\">\n                    <div class=\"card card-bg card-big border-bottom-card\">\n                        <div class=\"card-body \">\n                                                        <div class=\"category-top\">\n                                                                                                            <span class=\"\">\n                                        <svg class=\"icon icon-secondary\">\n                                            <use xlink:href=\"https:\/\/amblapaz.esteri.it\/wp-content\/themes\/sedi-tema\/assets\/svg\/sprites.svg#it-calendar\"><\/use>\n                                        <\/svg> 22 abril 2026                                    <\/span>\n                                                                    <\/div>\n                            <h5 class=\"card-title big-heading text-uppercase\"><a class=\"text-body text-decoration-none\" href=\"https:\/\/amblapaz.esteri.it\/es\/news\/dall_ambasciata\/2026\/04\/ix-edicion-de-la-giornata-della-ricerca-italiana-nel-mondo\/\" title=\"IX edici\u00f3n de la \u201cGiornata della Ricerca Italiana nel Mondo\u201d\">IX edici\u00f3n de la \u201cGiornata della Ricerca Italiana nel Mondo\u201d<\/a><\/h5>\n                            <p class=\"card-text\">Hoy se celebra la IX edici\u00f3n del D\u00eda de la Investigaci\u00f3n Italiana en el Mundo En esta fecha, el 22 de abril de 1909, nac\u00eda la profesora Rita Levi-Montalcini, Premio Nobel de Medicina en 1986 e investigadora pionera, siendo la primera mujer italiana en obtener tal reconocimiento en el \u00e1mbito cient\u00edfico. Para esta edici\u00f3n, son [&hellip;]<\/p>\n                                <a title=\"IX edici\u00f3n de la \u201cGiornata della Ricerca Italiana nel Mondo\u201d\" class=\"read-more\" href=\"https:\/\/amblapaz.esteri.it\/es\/news\/dall_ambasciata\/2026\/04\/ix-edicion-de-la-giornata-della-ricerca-italiana-nel-mondo\/\">\n                                    <span class=\"text\">Lee mas<\/span>\n                                    <svg class=\"icon\">\n                                    <use xlink:href=\"https:\/\/amblapaz.esteri.it\/wp-content\/themes\/sedi-tema\/assets\/svg\/sprites.svg#it-arrow-right\"><\/use>\n                                    <\/svg>\n                                <\/a>\n                                                    <\/div>\n                    <\/div>\n                <\/div>\n                <!--end card-->\n                <\/div><!-- col-12 .mt-3-->\n                            <div class=\"col-12 mt-3\">\n                <!--start card-->\n                <div class=\"card-wrapper card-space\">\n                    <div class=\"card card-bg card-big border-bottom-card\">\n                        <div class=\"card-body \">\n                                                        <div class=\"category-top\">\n                                                                                                            <span class=\"\">\n                                        <svg class=\"icon icon-secondary\">\n                                            <use xlink:href=\"https:\/\/amblapaz.esteri.it\/wp-content\/themes\/sedi-tema\/assets\/svg\/sprites.svg#it-calendar\"><\/use>\n                                        <\/svg> 21 abril 2026                                    <\/span>\n                                                                    <\/div>\n                            <h5 class=\"card-title big-heading text-uppercase\"><a class=\"text-body text-decoration-none\" href=\"https:\/\/amblapaz.esteri.it\/es\/news\/dall_ambasciata\/2026\/04\/contribuciones-para-visitas-de-investigadores-docentes-expertos-personalidades-y-gestores-culturales\/\" title=\"Contribuciones para visitas de investigadores, docentes, expertos, personalidades y gestores culturales\">Contribuciones para visitas de investigadores, docentes, expertos, personalidades y gestores culturales<\/a><\/h5>\n                            <p class=\"card-text\">El Ministerio de Asuntos Exteriores y de Cooperaci\u00f3n Internacional ofrece contribuciones econ\u00f3micas para misiones de estudio e investigaci\u00f3n que deban realizarse antes del 15 de noviembre de 2026. El programa tiene como objetivo fomentar el intercambio internacional entre instituciones universitarias y culturales, tanto italianas como extranjeras. Para conocer los criterios de evaluaci\u00f3n y la documentaci\u00f3n [&hellip;]<\/p>\n                                <a title=\"Contribuciones para visitas de investigadores, docentes, expertos, personalidades y gestores culturales\" class=\"read-more\" href=\"https:\/\/amblapaz.esteri.it\/es\/news\/dall_ambasciata\/2026\/04\/contribuciones-para-visitas-de-investigadores-docentes-expertos-personalidades-y-gestores-culturales\/\">\n                                    <span class=\"text\">Lee mas<\/span>\n                                    <svg class=\"icon\">\n                                    <use xlink:href=\"https:\/\/amblapaz.esteri.it\/wp-content\/themes\/sedi-tema\/assets\/svg\/sprites.svg#it-arrow-right\"><\/use>\n                                    <\/svg>\n                                <\/a>\n                                                    <\/div>\n                    <\/div>\n                <\/div>\n                <!--end card-->\n                <\/div><!-- col-12 .mt-3-->\n                            <div class=\"col-12 mt-3\">\n                <!--start card-->\n                <div class=\"card-wrapper card-space\">\n                    <div class=\"card card-bg card-big border-bottom-card\">\n                        <div class=\"card-body \">\n                                                        <div class=\"category-top\">\n                                                                                                            <span class=\"\">\n                                        <svg class=\"icon icon-secondary\">\n                                            <use xlink:href=\"https:\/\/amblapaz.esteri.it\/wp-content\/themes\/sedi-tema\/assets\/svg\/sprites.svg#it-calendar\"><\/use>\n                                        <\/svg> 15 abril 2026                                    <\/span>\n                                                                    <\/div>\n                            <h5 class=\"card-title big-heading text-uppercase\"><a class=\"text-body text-decoration-none\" href=\"https:\/\/amblapaz.esteri.it\/es\/news\/dall_ambasciata\/2026\/04\/concierto-del-ensemble-barroco-lux-terrae-un-viaje-sugerente-a-traves-de-las-sonoridades-del-siglo-xvii-italiano\/\" title=\"Concierto del Ensemble Barroco \u00abLux Terrae\u00bb, un viaje sugerente a trav\u00e9s de las sonoridades del siglo XVII italiano\">Concierto del Ensemble Barroco \u00abLux Terrae\u00bb, un viaje sugerente a trav\u00e9s de las sonoridades del siglo XVII italiano<\/a><\/h5>\n                            <p class=\"card-text\">Este 14 de abril se llev\u00f3 a cabo, con un extraordinario \u00e9xito de p\u00fablico, el concierto del Ensemble Barroco \u00abLux Terrae\u00bb, un viaje sugerente a trav\u00e9s de las sonoridades del siglo XVII italiano. Los m\u00fasicos Neyza Copa, Ney\u00e9n Finot Copa y Gabriele Marzella interpretaron magistralmente el repertorio de los grandes maestros del Seicento, entre los [&hellip;]<\/p>\n                                <a title=\"Concierto del Ensemble Barroco \u00abLux Terrae\u00bb, un viaje sugerente a trav\u00e9s de las sonoridades del siglo XVII italiano\" class=\"read-more\" href=\"https:\/\/amblapaz.esteri.it\/es\/news\/dall_ambasciata\/2026\/04\/concierto-del-ensemble-barroco-lux-terrae-un-viaje-sugerente-a-traves-de-las-sonoridades-del-siglo-xvii-italiano\/\">\n                                    <span class=\"text\">Lee mas<\/span>\n                                    <svg class=\"icon\">\n                                    <use xlink:href=\"https:\/\/amblapaz.esteri.it\/wp-content\/themes\/sedi-tema\/assets\/svg\/sprites.svg#it-arrow-right\"><\/use>\n                                    <\/svg>\n                                <\/a>\n                                                    <\/div>\n                    <\/div>\n                <\/div>\n                <!--end card-->\n                <\/div><!-- col-12 .mt-3-->\n                            <div class=\"col-12 mt-3\">\n                <!--start card-->\n                <div class=\"card-wrapper card-space\">\n                    <div class=\"card card-bg card-big border-bottom-card\">\n                        <div class=\"card-body \">\n                                                        <div class=\"category-top\">\n                                                                                                            <span class=\"\">\n                                        <svg class=\"icon icon-secondary\">\n                                            <use xlink:href=\"https:\/\/amblapaz.esteri.it\/wp-content\/themes\/sedi-tema\/assets\/svg\/sprites.svg#it-calendar\"><\/use>\n                                        <\/svg> 14 abril 2026                                    <\/span>\n                                                                    <\/div>\n                            <h5 class=\"card-title big-heading text-uppercase\"><a class=\"text-body text-decoration-none\" href=\"https:\/\/amblapaz.esteri.it\/es\/news\/dall_ambasciata\/2026\/04\/encuentro-con-la-comunidad-italiana-de-santa-cruz\/\" title=\"Encuentro con la comunidad italiana de Santa Cruz\">Encuentro con la comunidad italiana de Santa Cruz<\/a><\/h5>\n                            <p class=\"card-text\">El Embajador de Italia, Fabio Messineo, se reuni\u00f3 con la comunidad italiana de Santa Cruz, en un encuentro organizado por el Com.It.Es. &#8211; Bolivia, en el cual se abordaron diversos temas, entre ellos la nueva normativa sobre la ciudadan\u00eda.<\/p>\n                                <a title=\"Encuentro con la comunidad italiana de Santa Cruz\" class=\"read-more\" href=\"https:\/\/amblapaz.esteri.it\/es\/news\/dall_ambasciata\/2026\/04\/encuentro-con-la-comunidad-italiana-de-santa-cruz\/\">\n                                    <span class=\"text\">Lee mas<\/span>\n                                    <svg class=\"icon\">\n                                    <use xlink:href=\"https:\/\/amblapaz.esteri.it\/wp-content\/themes\/sedi-tema\/assets\/svg\/sprites.svg#it-arrow-right\"><\/use>\n                                    <\/svg>\n                                <\/a>\n                                                    <\/div>\n                    <\/div>\n                <\/div>\n                <!--end card-->\n                <\/div><!-- col-12 .mt-3-->\n                            <div class=\"col-12 mt-3\">\n                <!--start card-->\n                <div class=\"card-wrapper card-space\">\n                    <div class=\"card card-bg card-big border-bottom-card\">\n                        <div class=\"card-body \">\n                                                        <div class=\"category-top\">\n                                                                                                            <span class=\"\">\n                                        <svg class=\"icon icon-secondary\">\n                                            <use xlink:href=\"https:\/\/amblapaz.esteri.it\/wp-content\/themes\/sedi-tema\/assets\/svg\/sprites.svg#it-calendar\"><\/use>\n                                        <\/svg> 13 abril 2026                                    <\/span>\n                                                                    <\/div>\n                            <h5 class=\"card-title big-heading text-uppercase\"><a class=\"text-body text-decoration-none\" href=\"https:\/\/amblapaz.esteri.it\/es\/news\/dall_ambasciata\/2026\/04\/jornada-deportiva-en-la-ciudad-de-los-ninos\/\" title=\"Jornada deportiva en la \u201cCiudad de los Ni\u00f1os\u201d\">Jornada deportiva en la \u201cCiudad de los Ni\u00f1os\u201d<\/a><\/h5>\n                            <p class=\"card-text\">En el centro \u00abLa Ciudad de los Ni\u00f1os\u00bb se llev\u00f3 a cabo una jornada especial, organizada por Massimo Casari y Fulvio Diploma, dedicada al deporte y al compa\u00f1erismo, protagonizada por los ni\u00f1os. Los peque\u00f1os participaron con gran entusiasmo en diversas disciplinas atl\u00e9ticas, entre ellas f\u00fatbol, voleibol, carrera y salto largo. El momento culminante del evento [&hellip;]<\/p>\n                                <a title=\"Jornada deportiva en la \u201cCiudad de los Ni\u00f1os\u201d\" class=\"read-more\" href=\"https:\/\/amblapaz.esteri.it\/es\/news\/dall_ambasciata\/2026\/04\/jornada-deportiva-en-la-ciudad-de-los-ninos\/\">\n                                    <span class=\"text\">Lee mas<\/span>\n                                    <svg class=\"icon\">\n                                    <use xlink:href=\"https:\/\/amblapaz.esteri.it\/wp-content\/themes\/sedi-tema\/assets\/svg\/sprites.svg#it-arrow-right\"><\/use>\n                                    <\/svg>\n                                <\/a>\n                                                    <\/div>\n                    <\/div>\n                <\/div>\n                <!--end card-->\n                <\/div><!-- col-12 .mt-3-->\n                            <div class=\"col-12 mt-3\">\n                <!--start card-->\n                <div class=\"card-wrapper card-space\">\n                    <div class=\"card card-bg card-big border-bottom-card\">\n                        <div class=\"card-body \">\n                                                        <div class=\"category-top\">\n                                                                                                            <span class=\"\">\n                                        <svg class=\"icon icon-secondary\">\n                                            <use xlink:href=\"https:\/\/amblapaz.esteri.it\/wp-content\/themes\/sedi-tema\/assets\/svg\/sprites.svg#it-calendar\"><\/use>\n                                        <\/svg> 8 abril 2026                                    <\/span>\n                                                                    <\/div>\n                            <h5 class=\"card-title big-heading text-uppercase\"><a class=\"text-body text-decoration-none\" href=\"https:\/\/amblapaz.esteri.it\/es\/news\/dall_ambasciata\/2026\/04\/concierto-del-lux-terrae-baroque-ensemble\/\" title=\"Concierto del \u00abLux Terrae Baroque Ensemble\u00bb\">Concierto del \u00abLux Terrae Baroque Ensemble\u00bb<\/a><\/h5>\n                            <p class=\"card-text\">La Embajada de Italia en Bolivia se complace en presentar el concierto \u00abIn stile passeggiato \u2013 El arte de la disminuci\u00f3n\u00bb, interpretado por el Lux Terrae Baroque Ensemble. El evento, dedicado al redescubrimiento de la praxis ejecutiva del siglo XVII italiano, se llevar\u00e1 a cabo el pr\u00f3ximo 14 de abril en la Iglesia de la [&hellip;]<\/p>\n                                <a title=\"Concierto del \u00abLux Terrae Baroque Ensemble\u00bb\" class=\"read-more\" href=\"https:\/\/amblapaz.esteri.it\/es\/news\/dall_ambasciata\/2026\/04\/concierto-del-lux-terrae-baroque-ensemble\/\">\n                                    <span class=\"text\">Lee mas<\/span>\n                                    <svg class=\"icon\">\n                                    <use xlink:href=\"https:\/\/amblapaz.esteri.it\/wp-content\/themes\/sedi-tema\/assets\/svg\/sprites.svg#it-arrow-right\"><\/use>\n                                    <\/svg>\n                                <\/a>\n                                                    <\/div>\n                    <\/div>\n                <\/div>\n                <!--end card-->\n                <\/div><!-- col-12 .mt-3-->\n                            <div class=\"col-12 mt-3\">\n                <!--start card-->\n                <div class=\"card-wrapper card-space\">\n                    <div class=\"card card-bg card-big border-bottom-card\">\n                        <div class=\"card-body \">\n                                                        <div class=\"category-top\">\n                                                                                                            <span class=\"\">\n                                        <svg class=\"icon icon-secondary\">\n                                            <use xlink:href=\"https:\/\/amblapaz.esteri.it\/wp-content\/themes\/sedi-tema\/assets\/svg\/sprites.svg#it-calendar\"><\/use>\n                                        <\/svg> 2 abril 2026                                    <\/span>\n                                                                    <\/div>\n                            <h5 class=\"card-title big-heading text-uppercase\"><a class=\"text-body text-decoration-none\" href=\"https:\/\/amblapaz.esteri.it\/es\/news\/dall_ambasciata\/2026\/04\/msc-in-international-economics-and-business-administration-ieba\/\" title=\"MSc in International Economics and Business Administration (IEBA)\">MSc in International Economics and Business Administration (IEBA)<\/a><\/h5>\n                            <p class=\"card-text\">La Universidad de Verona, en colaboraci\u00f3n con las universidades de Bamberg, Burdeos y Oporto, ha publicado la convocatoria para el MSc in International Economics and Business Administration. El plazo de presentaci\u00f3n de solicitudes finaliza el 12 de abril de 2026. Toda la informaci\u00f3n est\u00e1 disponible en el siguiente enlace:\u00a0 https:\/\/www.unicandidate.com\/international-economics-and-business-administration-ieba-2026-2027\/international-economics-and-business-administration-2026-2027<\/p>\n                                <a title=\"MSc in International Economics and Business Administration (IEBA)\" class=\"read-more\" href=\"https:\/\/amblapaz.esteri.it\/es\/news\/dall_ambasciata\/2026\/04\/msc-in-international-economics-and-business-administration-ieba\/\">\n                                    <span class=\"text\">Lee mas<\/span>\n                                    <svg class=\"icon\">\n                                    <use xlink:href=\"https:\/\/amblapaz.esteri.it\/wp-content\/themes\/sedi-tema\/assets\/svg\/sprites.svg#it-arrow-right\"><\/use>\n                                    <\/svg>\n                                <\/a>\n                                                    <\/div>\n                    <\/div>\n                <\/div>\n                <!--end card-->\n                <\/div><!-- col-12 .mt-3-->\n                            <div class=\"col-12 mt-3\">\n                <!--start card-->\n                <div class=\"card-wrapper card-space\">\n                    <div class=\"card card-bg card-big border-bottom-card\">\n                        <div class=\"card-body \">\n                                                        <div class=\"category-top\">\n                                                                                                            <span class=\"\">\n                                        <svg class=\"icon icon-secondary\">\n                                            <use xlink:href=\"https:\/\/amblapaz.esteri.it\/wp-content\/themes\/sedi-tema\/assets\/svg\/sprites.svg#it-calendar\"><\/use>\n                                        <\/svg> 23 marzo 2026                                    <\/span>\n                                                                    <\/div>\n                            <h5 class=\"card-title big-heading text-uppercase\"><a class=\"text-body text-decoration-none\" href=\"https:\/\/amblapaz.esteri.it\/es\/news\/dall_ambasciata\/2026\/03\/se-celebra-en-bolivia-los-800-anos-de-la-muerte-de-san-francisco\/\" title=\"SE CELEBRA EN BOLIVIA LOS 800 A\u00d1OS DE LA MUERTE DE SAN FRANCISCO\">SE CELEBRA EN BOLIVIA LOS 800 A\u00d1OS DE LA MUERTE DE SAN FRANCISCO<\/a><\/h5>\n                            <p class=\"card-text\">La Embajada de Italia y la Nunciatura Apost\u00f3lica en Bolivia, en colaboraci\u00f3n con la orden franciscana, han organizado una conferencia bajo el lema \u201cSan Francisco: una respuesta a los desaf\u00edos actuales\u201d para conmemorar el VIII centenario de la muerte del \u00abpoverello\u00bb\u00a0de As\u00eds. El evento tuvo lugar en la Bas\u00edlica contigua al Convento dedicado al Santo, [&hellip;]<\/p>\n                                <a title=\"SE CELEBRA EN BOLIVIA LOS 800 A\u00d1OS DE LA MUERTE DE SAN FRANCISCO\" class=\"read-more\" href=\"https:\/\/amblapaz.esteri.it\/es\/news\/dall_ambasciata\/2026\/03\/se-celebra-en-bolivia-los-800-anos-de-la-muerte-de-san-francisco\/\">\n                                    <span class=\"text\">Lee mas<\/span>\n                                    <svg class=\"icon\">\n                                    <use xlink:href=\"https:\/\/amblapaz.esteri.it\/wp-content\/themes\/sedi-tema\/assets\/svg\/sprites.svg#it-arrow-right\"><\/use>\n                                    <\/svg>\n                                <\/a>\n                                                    <\/div>\n                    <\/div>\n                <\/div>\n                <!--end card-->\n                <\/div><!-- col-12 .mt-3-->\n                            <div class=\"col-12 mt-3\">\n                <!--start card-->\n                <div class=\"card-wrapper card-space\">\n                    <div class=\"card card-bg card-big border-bottom-card\">\n                        <div class=\"card-body \">\n                                                        <div class=\"category-top\">\n                                                                                                            <span class=\"\">\n                                        <svg class=\"icon icon-secondary\">\n                                            <use xlink:href=\"https:\/\/amblapaz.esteri.it\/wp-content\/themes\/sedi-tema\/assets\/svg\/sprites.svg#it-calendar\"><\/use>\n                                        <\/svg> 23 marzo 2026                                    <\/span>\n                                                                    <\/div>\n                            <h5 class=\"card-title big-heading text-uppercase\"><a class=\"text-body text-decoration-none\" href=\"https:\/\/amblapaz.esteri.it\/es\/news\/dall_ambasciata\/2026\/03\/campana-de-verificacion-de-vivencia-2026\/\" title=\"Campa\u00f1a de verificaci\u00f3n de vivencia 2026\">Campa\u00f1a de verificaci\u00f3n de vivencia 2026<\/a><\/h5>\n                            <p class=\"card-text\">Se informa a la comunidad que el INPS ha iniciado la primera fase de verificaci\u00f3n de vivencia para el a\u00f1o 2026. A partir del 20 de marzo de 2026, el banco Citibank N.A. ha comenzado el env\u00edo de los formularios de certificaci\u00f3n a los jubilados residentes en Bolivia. Los jubilados recibir\u00e1n por correo un formulario [&hellip;]<\/p>\n                                <a title=\"Campa\u00f1a de verificaci\u00f3n de vivencia 2026\" class=\"read-more\" href=\"https:\/\/amblapaz.esteri.it\/es\/news\/dall_ambasciata\/2026\/03\/campana-de-verificacion-de-vivencia-2026\/\">\n                                    <span class=\"text\">Lee mas<\/span>\n                                    <svg class=\"icon\">\n                                    <use xlink:href=\"https:\/\/amblapaz.esteri.it\/wp-content\/themes\/sedi-tema\/assets\/svg\/sprites.svg#it-arrow-right\"><\/use>\n                                    <\/svg>\n                                <\/a>\n                                                    <\/div>\n                    <\/div>\n                <\/div>\n                <!--end card-->\n                <\/div><!-- col-12 .mt-3-->\n                            <div class=\"col-12 mt-3\">\n                <!--start card-->\n                <div class=\"card-wrapper card-space\">\n                    <div class=\"card card-bg card-big border-bottom-card\">\n                        <div class=\"card-body \">\n                                                        <div class=\"category-top\">\n                                                                                                            <span class=\"\">\n                                        <svg class=\"icon icon-secondary\">\n                                            <use xlink:href=\"https:\/\/amblapaz.esteri.it\/wp-content\/themes\/sedi-tema\/assets\/svg\/sprites.svg#it-calendar\"><\/use>\n                                        <\/svg> 23 marzo 2026                                    <\/span>\n                                                                    <\/div>\n                            <h5 class=\"card-title big-heading text-uppercase\"><a class=\"text-body text-decoration-none\" href=\"https:\/\/amblapaz.esteri.it\/es\/news\/dall_ambasciata\/2026\/03\/curso-de-alta-formacion-la-digitalizacion-del-patrimonio-cultural-una-comparacion-entre-italia-y-america-latina\/\" title=\"Corso di Alta Formazione \u201cLa digitalizzazione del patrimonio culturale: un confronto tra Italia e America Latina\u201d\">Corso di Alta Formazione \u201cLa digitalizzazione del patrimonio culturale: un confronto tra Italia e America Latina\u201d<\/a><\/h5>\n                            <p class=\"card-text\">L\u20198 aprile 2026 scade il termine di selezione per partecipare al Corso di Alta Formazione \u201cLa digitalizzazione del patrimonio culturale: un confronto tra Italia e America Latina\u201d, promosso dall\u2019Organizzazione Internazionale Italo-Latino Americana (IILA), in collaborazione con la Scuola nazionale del patrimonio e delle attivit\u00e0 culturali e la Direzione generale Digitalizzazione e Comunicazione del Ministero della [&hellip;]<\/p>\n                                <a title=\"Corso di Alta Formazione \u201cLa digitalizzazione del patrimonio culturale: un confronto tra Italia e America Latina\u201d\" class=\"read-more\" href=\"https:\/\/amblapaz.esteri.it\/es\/news\/dall_ambasciata\/2026\/03\/curso-de-alta-formacion-la-digitalizacion-del-patrimonio-cultural-una-comparacion-entre-italia-y-america-latina\/\">\n                                    <span class=\"text\">Lee mas<\/span>\n                                    <svg class=\"icon\">\n                                    <use xlink:href=\"https:\/\/amblapaz.esteri.it\/wp-content\/themes\/sedi-tema\/assets\/svg\/sprites.svg#it-arrow-right\"><\/use>\n                                    <\/svg>\n                                <\/a>\n                                                    <\/div>\n                    <\/div>\n                <\/div>\n                <!--end card-->\n                <\/div><!-- col-12 .mt-3-->\n            \n            <div class=\"col-md-12 mt-4 pb-4\">\n                <nav class=\"navigation col-md-12\" aria-label=\"Navigation\">\n                    <h2 class=\"screen-reader-text visually-hidden\">Paginaci\u00f3n<\/h2>\n                    <div class=\"nav-links\">\n                    <span aria-current=\"page\" class=\"page-numbers current\">1<\/span>\n<a class=\"page-numbers\" href=\"https:\/\/amblapaz.esteri.it\/es\/wp-json\/wp\/v2\/pages\/186\/?pag=2\">2<\/a>\n<a class=\"page-numbers\" href=\"https:\/\/amblapaz.esteri.it\/es\/wp-json\/wp\/v2\/pages\/186\/?pag=3\">3<\/a>\n<span class=\"page-numbers dots\">&hellip;<\/span>\n<a class=\"page-numbers\" href=\"https:\/\/amblapaz.esteri.it\/es\/wp-json\/wp\/v2\/pages\/186\/?pag=31\">31<\/a>\n<a class=\"next page-numbers\" href=\"https:\/\/amblapaz.esteri.it\/es\/wp-json\/wp\/v2\/pages\/186\/?pag=2\"><svg class=\"icon icon-primary\"><use xlink:href=\"https:\/\/amblapaz.esteri.it\/wp-content\/themes\/sedi-tema\/assets\/svg\/sprites.svg#it-chevron-right\"><\/use><\/svg>\n                                    <span class=\"visually-hidden\">Siguiente p\u00e1gina<\/span><\/a>                    <\/div>\n                <\/nav>\n            <\/div>   <!--.col-md-12 -->\n              <\/div><!--.row -->\n              \n","protected":false},"excerpt":{"rendered":"","protected":false},"author":1,"featured_media":0,"parent":188,"menu_order":0,"comment_status":"closed","ping_status":"closed","template":"","meta":{"footnotes":""},"class_list":["post-186","page","type-page","status-publish","hentry"],"_links":{"self":[{"href":"https:\/\/amblapaz.esteri.it\/es\/wp-json\/wp\/v2\/pages\/186","targetHints":{"allow":["GET"]}}],"collection":[{"href":"https:\/\/amblapaz.esteri.it\/es\/wp-json\/wp\/v2\/pages"}],"about":[{"href":"https:\/\/amblapaz.esteri.it\/es\/wp-json\/wp\/v2\/types\/page"}],"author":[{"embeddable":true,"href":"https:\/\/amblapaz.esteri.it\/es\/wp-json\/wp\/v2\/users\/1"}],"replies":[{"embeddable":true,"href":"https:\/\/amblapaz.esteri.it\/es\/wp-json\/wp\/v2\/comments?post=186"}],"version-history":[{"count":1,"href":"https:\/\/amblapaz.esteri.it\/es\/wp-json\/wp\/v2\/pages\/186\/revisions"}],"predecessor-version":[{"id":241,"href":"https:\/\/amblapaz.esteri.it\/es\/wp-json\/wp\/v2\/pages\/186\/revisions\/241"}],"up":[{"embeddable":true,"href":"https:\/\/amblapaz.esteri.it\/es\/wp-json\/wp\/v2\/pages\/188"}],"wp:attachment":[{"href":"https:\/\/amblapaz.esteri.it\/es\/wp-json\/wp\/v2\/media?parent=186"}],"curies":[{"name":"wp","href":"https:\/\/api.w.org\/{rel}","templated":true}]}}