{"id":33,"date":"2023-04-11T17:45:43","date_gmt":"2023-04-11T15:45:43","guid":{"rendered":"https:\/\/ambasciatapraga.esteri.it\/?page_id=33"},"modified":"2023-04-11T17:45:43","modified_gmt":"2023-04-11T15:45:43","slug":"dall_ambasciata","status":"publish","type":"page","link":"https:\/\/amblapaz.esteri.it\/it\/news\/dall_ambasciata\/","title":{"rendered":"Dall&#8217;Ambasciata"},"content":{"rendered":"        <div class=\"row\">\n\t\t\t<!-- Ricerca sedi post -->\n\t\t\t<div class=\"col-12 mt-4\">\n\t\t\t  <div class=\"callout callout-highlight note ricerca-esteri p-4\">\n                    <div class=\"callout-title\">\n                        <svg class=\"icon\">\n                            <use xlink:href=\"https:\/\/amblapaz.esteri.it\/wp-content\/themes\/sedi-tema\/assets\/svg\/sprites.svg#it-search\"><\/use>\n                        <\/svg>Inserisci i parametri di ricerca                    <\/div>\n                    <form id=\"searchFormPost\" name=\"form-search-post\" class=\"form-row align-items-center\" action=\"https:\/\/amblapaz.esteri.it\/it\/wp-json\/wp\/v2\/pages\/33\/\" method=\"GET\"> \n                        <!-- <div class=\"form-group pt-5\"> -->\n                            <!-- <input type=\"hidden\" id=\"lang\" name=\"lang\" value=\"\"> --> <!-- <\/div> -->\n\n                        <div class=\"it-datepicker-wrapper\">\n                            <div class=\"row\">\n                                <div class=\"form-group col-md-6\">\n                                    <label class=\"active\" for=\"date-init\">Dal<\/label>\n                                    <input class=\"form-control\" name=\"date-init\" id=\"date-init\" type=\"date\" placeholder=\"gg\/mm\/aaaa\" value=\"\"lang=\"en-EN\">  \n                                <\/div>\n                                <div class=\"form-group col-md-6\">\n                                    <label class=\"active\" for=\"date-end\">Al<\/label>\n                                    <input class=\"form-control\" name=\"date-end\" id=\"date-end\" type=\"date\" placeholder=\"gg\/mm\/aaaa\" value=\"\">\n                                <\/div>\n                            <\/div>\n                        <\/div>\n                        <div class=\"form-group col-md-12 mt-3\">\n                            <label for=\"searchText\">Campo ricerca libera<\/label>\n                            <input type=\"text\" name=\"searchText\" class=\"form-control\" id=\"searchText\" value=\"\">\n                        <\/div>\n                        <div class=\"form-group col-md-4 offset-md-8 text-end\">\n                            <a href=\"https:\/\/amblapaz.esteri.it\/it\/news\/dall_ambasciata\/\" title=\"Form reset\" id=\"resetImput\" class=\"btn btn-outline-primary btn-xs\">Reset<\/a>\n                            <button type=\"submit\" class=\"btn btn-primary btn-xs\">Mostra risultati<\/button>\n                        <\/div>\n                    <\/form>\n\t\t\t\t<\/div>\n\t\t\t<\/div>\n\t\t<\/div>\n                    \n            <div class=\"row\">\n                            <div class=\"col-12 mt-3\">\n                <!--start card-->\n                <div class=\"card-wrapper card-space\">\n                    <div class=\"card card-bg card-big border-bottom-card\">\n                        <div class=\"card-body \">\n                                                        <div class=\"category-top\">\n                                                                                                            <span class=\"\">\n                                        <svg class=\"icon icon-secondary\">\n                                            <use xlink:href=\"https:\/\/amblapaz.esteri.it\/wp-content\/themes\/sedi-tema\/assets\/svg\/sprites.svg#it-calendar\"><\/use>\n                                        <\/svg> 3 Settembre 2026                                    <\/span>\n                                                                    <\/div>\n                            <h5 class=\"card-title big-heading text-uppercase\"><a class=\"text-body text-decoration-none\" href=\"https:\/\/amblapaz.esteri.it\/it\/news\/dall_ambasciata\/2026\/09\/indizione-delle-elezioni-del-comitato-degli-italiani-allestero-di-la-paz\/\" title=\"Indizione delle elezioni del Comitato degli Italiani all\u2019estero di La Paz\">Indizione delle elezioni del Comitato degli Italiani all\u2019estero di La Paz<\/a><\/h5>\n                            <p class=\"card-text\">Con Decreto consolare n. 9\/2026 sono indette le elezioni per il rinnovo del Comitato degli Italiani all\u2019estero di La Paz. La data delle elezioni \u00e8 fissata al 4 dicembre 2026. Tale data corrisponde all\u2019ultimo giorno utile per far pervenire al proprio Consolato di riferimento la busta contenente la propria scheda elettorale votata. Per partecipare al [&hellip;]<\/p>\n                                <a title=\"Indizione delle elezioni del Comitato degli Italiani all\u2019estero di La Paz\" class=\"read-more\" href=\"https:\/\/amblapaz.esteri.it\/it\/news\/dall_ambasciata\/2026\/09\/indizione-delle-elezioni-del-comitato-degli-italiani-allestero-di-la-paz\/\">\n                                    <span class=\"text\">Leggi di pi\u00f9<\/span>\n                                    <svg class=\"icon\">\n                                    <use xlink:href=\"https:\/\/amblapaz.esteri.it\/wp-content\/themes\/sedi-tema\/assets\/svg\/sprites.svg#it-arrow-right\"><\/use>\n                                    <\/svg>\n                                <\/a>\n                                                    <\/div>\n                    <\/div>\n                <\/div>\n                <!--end card-->\n                <\/div><!-- col-12 .mt-3-->\n                            <div class=\"col-12 mt-3\">\n                <!--start card-->\n                <div class=\"card-wrapper card-space\">\n                    <div class=\"card card-bg card-big border-bottom-card\">\n                        <div class=\"card-body \">\n                                                        <div class=\"category-top\">\n                                                                                                            <span class=\"\">\n                                        <svg class=\"icon icon-secondary\">\n                                            <use xlink:href=\"https:\/\/amblapaz.esteri.it\/wp-content\/themes\/sedi-tema\/assets\/svg\/sprites.svg#it-calendar\"><\/use>\n                                        <\/svg> 21 Agosto 2026                                    <\/span>\n                                                                    <\/div>\n                            <h5 class=\"card-title big-heading text-uppercase\"><a class=\"text-body text-decoration-none\" href=\"https:\/\/amblapaz.esteri.it\/it\/news\/dall_ambasciata\/2026\/08\/elezione-dei-co-mit-es-2026-iscrizione-nellelenco-elettorale\/\" title=\"Elezione dei CO.MIT.ES 2026 &#8211; Iscrizione nell&#8217;elenco elettorale\">Elezione dei CO.MIT.ES 2026 &#8211; Iscrizione nell&#8217;elenco elettorale<\/a><\/h5>\n                            <p class=\"card-text\">Elezione dei Comitati degli italiani all\u2019estero &#8211; COMITES 2026 MODALITA\u2019 PER LA RICHIESTA DI ISCRIZIONE NELL\u2019ELENCO ELETTORALE Le elezioni per il rinnovo e l\u2019istituzione dei COMITES si terranno entro la fine del 2026. I Comitati degli italiani all\u2019estero sono organi di rappresentanza della collettivit\u00e0 italiana nei rapporti con le rappresentanze diplomatico-consolari e operano per l\u2019integrazione [&hellip;]<\/p>\n                                <a title=\"Elezione dei CO.MIT.ES 2026 &#8211; Iscrizione nell&#8217;elenco elettorale\" class=\"read-more\" href=\"https:\/\/amblapaz.esteri.it\/it\/news\/dall_ambasciata\/2026\/08\/elezione-dei-co-mit-es-2026-iscrizione-nellelenco-elettorale\/\">\n                                    <span class=\"text\">Leggi di pi\u00f9<\/span>\n                                    <svg class=\"icon\">\n                                    <use xlink:href=\"https:\/\/amblapaz.esteri.it\/wp-content\/themes\/sedi-tema\/assets\/svg\/sprites.svg#it-arrow-right\"><\/use>\n                                    <\/svg>\n                                <\/a>\n                                                    <\/div>\n                    <\/div>\n                <\/div>\n                <!--end card-->\n                <\/div><!-- col-12 .mt-3-->\n                            <div class=\"col-12 mt-3\">\n                <!--start card-->\n                <div class=\"card-wrapper card-space\">\n                    <div class=\"card card-bg card-big border-bottom-card\">\n                        <div class=\"card-body \">\n                                                        <div class=\"category-top\">\n                                                                                                            <span class=\"\">\n                                        <svg class=\"icon icon-secondary\">\n                                            <use xlink:href=\"https:\/\/amblapaz.esteri.it\/wp-content\/themes\/sedi-tema\/assets\/svg\/sprites.svg#it-calendar\"><\/use>\n                                        <\/svg> 17 Agosto 2026                                    <\/span>\n                                                                    <\/div>\n                            <h5 class=\"card-title big-heading text-uppercase\"><a class=\"text-body text-decoration-none\" href=\"https:\/\/amblapaz.esteri.it\/it\/news\/dall_ambasciata\/2026\/08\/lambasciata-italiana-in-bolivia-partecipa-alle-celebrazioni-dei-40-anni-dellospedale-della-fondazione-pietro-gamba\/\" title=\"L\u2019AMBASCIATA ITALIANA PARTECIPA ALLE CELEBRAZIONI DEI 40 ANNI DELL\u2019OSPEDALE DELLA  \u201cFONDAZIONE PIETRO GAMBA\u201d\">L\u2019AMBASCIATA ITALIANA PARTECIPA ALLE CELEBRAZIONI DEI 40 ANNI DELL\u2019OSPEDALE DELLA  \u201cFONDAZIONE PIETRO GAMBA\u201d<\/a><\/h5>\n                            <p class=\"card-text\">L\u2019Amb.Fabio Messineo ha partecipato alle celebrazioni per i 40 anni di attivit\u00e0 ambulatoriale e ospedaliera della &#8220;Fondazione Pietro Gamba\u201d nel piccolo centro di Anzaldo, posto tra le Ande boliviane a 3 mila mt. s.l.m.. Pietro Gamba, principale ispiratore di questa impensabile avventura, era appena un ragazzo quando, animato da una grande vocazione missionaria, nel 1975 [&hellip;]<\/p>\n                                <a title=\"L\u2019AMBASCIATA ITALIANA PARTECIPA ALLE CELEBRAZIONI DEI 40 ANNI DELL\u2019OSPEDALE DELLA  \u201cFONDAZIONE PIETRO GAMBA\u201d\" class=\"read-more\" href=\"https:\/\/amblapaz.esteri.it\/it\/news\/dall_ambasciata\/2026\/08\/lambasciata-italiana-in-bolivia-partecipa-alle-celebrazioni-dei-40-anni-dellospedale-della-fondazione-pietro-gamba\/\">\n                                    <span class=\"text\">Leggi di pi\u00f9<\/span>\n                                    <svg class=\"icon\">\n                                    <use xlink:href=\"https:\/\/amblapaz.esteri.it\/wp-content\/themes\/sedi-tema\/assets\/svg\/sprites.svg#it-arrow-right\"><\/use>\n                                    <\/svg>\n                                <\/a>\n                                                    <\/div>\n                    <\/div>\n                <\/div>\n                <!--end card-->\n                <\/div><!-- col-12 .mt-3-->\n                            <div class=\"col-12 mt-3\">\n                <!--start card-->\n                <div class=\"card-wrapper card-space\">\n                    <div class=\"card card-bg card-big border-bottom-card\">\n                        <div class=\"card-body \">\n                                                        <div class=\"category-top\">\n                                                                                                            <span class=\"\">\n                                        <svg class=\"icon icon-secondary\">\n                                            <use xlink:href=\"https:\/\/amblapaz.esteri.it\/wp-content\/themes\/sedi-tema\/assets\/svg\/sprites.svg#it-calendar\"><\/use>\n                                        <\/svg> 17 Agosto 2026                                    <\/span>\n                                                                    <\/div>\n                            <h5 class=\"card-title big-heading text-uppercase\"><a class=\"text-body text-decoration-none\" href=\"https:\/\/amblapaz.esteri.it\/it\/news\/dall_ambasciata\/2026\/08\/missione-consolare-a-cochabamba-2\/\" title=\"Missione Consolare a Cochabamba\">Missione Consolare a Cochabamba<\/a><\/h5>\n                            <p class=\"card-text\">Si informa la comunit\u00e0 italiana che, in data 7 settembre 2026, si terr\u00e0 una missione consolare presso la citt\u00e0 di Cochabamba, finalizzata alla raccolta dei dati biometrici e all&#8217;acquisizione della documentazione necessaria per l&#8217;emissione di passaporti. L\u2019attivit\u00e0 si svolger\u00e0 presso la sede della Societ\u00e0 Italiana di Beneficenza. Si precisa che l\u2019accesso ai servizi \u00e8 rigorosamente [&hellip;]<\/p>\n                                <a title=\"Missione Consolare a Cochabamba\" class=\"read-more\" href=\"https:\/\/amblapaz.esteri.it\/it\/news\/dall_ambasciata\/2026\/08\/missione-consolare-a-cochabamba-2\/\">\n                                    <span class=\"text\">Leggi di pi\u00f9<\/span>\n                                    <svg class=\"icon\">\n                                    <use xlink:href=\"https:\/\/amblapaz.esteri.it\/wp-content\/themes\/sedi-tema\/assets\/svg\/sprites.svg#it-arrow-right\"><\/use>\n                                    <\/svg>\n                                <\/a>\n                                                    <\/div>\n                    <\/div>\n                <\/div>\n                <!--end card-->\n                <\/div><!-- col-12 .mt-3-->\n                            <div class=\"col-12 mt-3\">\n                <!--start card-->\n                <div class=\"card-wrapper card-space\">\n                    <div class=\"card card-bg card-big border-bottom-card\">\n                        <div class=\"card-body \">\n                                                        <div class=\"category-top\">\n                                                                                                            <span class=\"\">\n                                        <svg class=\"icon icon-secondary\">\n                                            <use xlink:href=\"https:\/\/amblapaz.esteri.it\/wp-content\/themes\/sedi-tema\/assets\/svg\/sprites.svg#it-calendar\"><\/use>\n                                        <\/svg> 7 Agosto 2026                                    <\/span>\n                                                                    <\/div>\n                            <h5 class=\"card-title big-heading text-uppercase\"><a class=\"text-body text-decoration-none\" href=\"https:\/\/amblapaz.esteri.it\/it\/news\/dall_ambasciata\/2026\/08\/8-agosto-giornata-nazionale-del-sacrificio-del-lavoro-italiano-nel-mondo-messaggio-dellon-antonio-tajani\/\" title=\"8 Agosto &#8211; Giornata nazionale del sacrificio del lavoro italiano nel mondo &#8211; Messaggio dell&#8217;On. Antonio Tajani\">8 Agosto &#8211; Giornata nazionale del sacrificio del lavoro italiano nel mondo &#8211; Messaggio dell&#8217;On. Antonio Tajani<\/a><\/h5>\n                            <p class=\"card-text\">MESSAGGIO DEL VICE PRESIDENTE DEL CONSIGLIO DEI MINISTRI E MINISTRO DEGLI AFFARI ESTERI E DELLA COOPERAZIONE INTERNAZIONALE, ON. ANTONIO TAJANI, IN OCCASIONE DEL 70\u00b0 ANNIVERSARIO DELLA TRAGEDIA DI MARCINELLE E DELLA 25\u00aa GIORNATA NAZIONALE DEL SACRIFICIO DEL LAVORO ITALIANO NEL MONDO. (Marcinelle, 8 agosto 2026) Settant\u2019anni fa, l\u20198 agosto 1956, Marcinelle entr\u00f2 per sempre nella [&hellip;]<\/p>\n                                <a title=\"8 Agosto &#8211; Giornata nazionale del sacrificio del lavoro italiano nel mondo &#8211; Messaggio dell&#8217;On. Antonio Tajani\" class=\"read-more\" href=\"https:\/\/amblapaz.esteri.it\/it\/news\/dall_ambasciata\/2026\/08\/8-agosto-giornata-nazionale-del-sacrificio-del-lavoro-italiano-nel-mondo-messaggio-dellon-antonio-tajani\/\">\n                                    <span class=\"text\">Leggi di pi\u00f9<\/span>\n                                    <svg class=\"icon\">\n                                    <use xlink:href=\"https:\/\/amblapaz.esteri.it\/wp-content\/themes\/sedi-tema\/assets\/svg\/sprites.svg#it-arrow-right\"><\/use>\n                                    <\/svg>\n                                <\/a>\n                                                    <\/div>\n                    <\/div>\n                <\/div>\n                <!--end card-->\n                <\/div><!-- col-12 .mt-3-->\n                            <div class=\"col-12 mt-3\">\n                <!--start card-->\n                <div class=\"card-wrapper card-space\">\n                    <div class=\"card card-bg card-big border-bottom-card\">\n                        <div class=\"card-body \">\n                                                        <div class=\"category-top\">\n                                                                                                            <span class=\"\">\n                                        <svg class=\"icon icon-secondary\">\n                                            <use xlink:href=\"https:\/\/amblapaz.esteri.it\/wp-content\/themes\/sedi-tema\/assets\/svg\/sprites.svg#it-calendar\"><\/use>\n                                        <\/svg> 3 Agosto 2026                                    <\/span>\n                                                                    <\/div>\n                            <h5 class=\"card-title big-heading text-uppercase\"><a class=\"text-body text-decoration-none\" href=\"https:\/\/amblapaz.esteri.it\/it\/news\/dall_ambasciata\/2026\/08\/borse-di-studio-offerte-dal-governo-italiano-a-studenti-stranieri-graduatoria\/\" title=\"Graduatoria &#8211; Borse di studio offerte dal Governo italiano a studenti stranieri 2026-2027\">Graduatoria &#8211; Borse di studio offerte dal Governo italiano a studenti stranieri 2026-2027<\/a><\/h5>\n                            <p class=\"card-text\">Graduatoria finale delle borse di studio assegnate dal governo italiano per l\u2019anno Accademico 2026-2027 in Bolivia &#8211; La Paz. Scarica la graduatoria:\u00a0https:\/\/amblapaz.esteri.it\/wp-content\/uploads\/2026\/08\/GraduatoriaPubblica-BOLIVIA.pdf Si informa i candidati vincitori presenti in graduatoria che il termine per l&#8217;accettazione o il rifiuto della borsa di studio, tramite il portale Study in Italy, \u00e8 di 7 giorni dalla data di [&hellip;]<\/p>\n                                <a title=\"Graduatoria &#8211; Borse di studio offerte dal Governo italiano a studenti stranieri 2026-2027\" class=\"read-more\" href=\"https:\/\/amblapaz.esteri.it\/it\/news\/dall_ambasciata\/2026\/08\/borse-di-studio-offerte-dal-governo-italiano-a-studenti-stranieri-graduatoria\/\">\n                                    <span class=\"text\">Leggi di pi\u00f9<\/span>\n                                    <svg class=\"icon\">\n                                    <use xlink:href=\"https:\/\/amblapaz.esteri.it\/wp-content\/themes\/sedi-tema\/assets\/svg\/sprites.svg#it-arrow-right\"><\/use>\n                                    <\/svg>\n                                <\/a>\n                                                    <\/div>\n                    <\/div>\n                <\/div>\n                <!--end card-->\n                <\/div><!-- col-12 .mt-3-->\n                            <div class=\"col-12 mt-3\">\n                <!--start card-->\n                <div class=\"card-wrapper card-space\">\n                    <div class=\"card card-bg card-big border-bottom-card\">\n                        <div class=\"card-body \">\n                                                        <div class=\"category-top\">\n                                                                                                            <span class=\"\">\n                                        <svg class=\"icon icon-secondary\">\n                                            <use xlink:href=\"https:\/\/amblapaz.esteri.it\/wp-content\/themes\/sedi-tema\/assets\/svg\/sprites.svg#it-calendar\"><\/use>\n                                        <\/svg> 1 Luglio 2026                                    <\/span>\n                                                                    <\/div>\n                            <h5 class=\"card-title big-heading text-uppercase\"><a class=\"text-body text-decoration-none\" href=\"https:\/\/amblapaz.esteri.it\/it\/news\/dall_ambasciata\/2026\/07\/offerta-di-borse-di-studio-promossa-dal-consorzio-icon\/\" title=\"Offerta di borse di studio promossa dal Consorzio ICoN.\">Offerta di borse di studio promossa dal Consorzio ICoN.<\/a><\/h5>\n                            <p class=\"card-text\">Per l\u2019anno accademico 2026-2027 il Consorzio ICoN mette a disposizione 3 borse di studio semestrali a copertura parziale delle quote di immatricolazione al Corso di laurea in Lingua e cultura italiana. Il Corso \u00e8 erogato in modalit\u00e0 e-learning dal Consorzio ICoN per conto delle universit\u00e0 socie. Le borse sono riservate a cittadini stranieri e italiani [&hellip;]<\/p>\n                                <a title=\"Offerta di borse di studio promossa dal Consorzio ICoN.\" class=\"read-more\" href=\"https:\/\/amblapaz.esteri.it\/it\/news\/dall_ambasciata\/2026\/07\/offerta-di-borse-di-studio-promossa-dal-consorzio-icon\/\">\n                                    <span class=\"text\">Leggi di pi\u00f9<\/span>\n                                    <svg class=\"icon\">\n                                    <use xlink:href=\"https:\/\/amblapaz.esteri.it\/wp-content\/themes\/sedi-tema\/assets\/svg\/sprites.svg#it-arrow-right\"><\/use>\n                                    <\/svg>\n                                <\/a>\n                                                    <\/div>\n                    <\/div>\n                <\/div>\n                <!--end card-->\n                <\/div><!-- col-12 .mt-3-->\n                            <div class=\"col-12 mt-3\">\n                <!--start card-->\n                <div class=\"card-wrapper card-space\">\n                    <div class=\"card card-bg card-big border-bottom-card\">\n                        <div class=\"card-body \">\n                                                        <div class=\"category-top\">\n                                                                                                            <span class=\"\">\n                                        <svg class=\"icon icon-secondary\">\n                                            <use xlink:href=\"https:\/\/amblapaz.esteri.it\/wp-content\/themes\/sedi-tema\/assets\/svg\/sprites.svg#it-calendar\"><\/use>\n                                        <\/svg> 8 Giugno 2026                                    <\/span>\n                                                                    <\/div>\n                            <h5 class=\"card-title big-heading text-uppercase\"><a class=\"text-body text-decoration-none\" href=\"https:\/\/amblapaz.esteri.it\/it\/news\/dall_ambasciata\/2026\/06\/conferenza-dei-consoli-ditalia-nel-mondo-12-13-giugno\/\" title=\"Conferenza dei Consoli d\u2019Italia nel mondo (12-13 giugno)\">Conferenza dei Consoli d\u2019Italia nel mondo (12-13 giugno)<\/a><\/h5>\n                            <p class=\"card-text\">Alla Conferenza dei Consoli d\u2019Italia nel mondo (12-13 giugno), daremo voce alla comunit\u00e0 italiana all&#8217;estero! Scrivi a consoli2026@esteri.it inviando le tue domande o esigenze. Risponderemo a tutte le vostre domande. Alcuni contributi selezionati saranno affrontati durante la Conferenza, trasmessa in streaming sui canali della Farnesina. La tua partecipazione aiuta a rendere i servizi consolari sempre [&hellip;]<\/p>\n                                <a title=\"Conferenza dei Consoli d\u2019Italia nel mondo (12-13 giugno)\" class=\"read-more\" href=\"https:\/\/amblapaz.esteri.it\/it\/news\/dall_ambasciata\/2026\/06\/conferenza-dei-consoli-ditalia-nel-mondo-12-13-giugno\/\">\n                                    <span class=\"text\">Leggi di pi\u00f9<\/span>\n                                    <svg class=\"icon\">\n                                    <use xlink:href=\"https:\/\/amblapaz.esteri.it\/wp-content\/themes\/sedi-tema\/assets\/svg\/sprites.svg#it-arrow-right\"><\/use>\n                                    <\/svg>\n                                <\/a>\n                                                    <\/div>\n                    <\/div>\n                <\/div>\n                <!--end card-->\n                <\/div><!-- col-12 .mt-3-->\n                            <div class=\"col-12 mt-3\">\n                <!--start card-->\n                <div class=\"card-wrapper card-space\">\n                    <div class=\"card card-bg card-big border-bottom-card\">\n                        <div class=\"card-body \">\n                                                        <div class=\"category-top\">\n                                                                                                            <span class=\"\">\n                                        <svg class=\"icon icon-secondary\">\n                                            <use xlink:href=\"https:\/\/amblapaz.esteri.it\/wp-content\/themes\/sedi-tema\/assets\/svg\/sprites.svg#it-calendar\"><\/use>\n                                        <\/svg> 8 Giugno 2026                                    <\/span>\n                                                                    <\/div>\n                            <h5 class=\"card-title big-heading text-uppercase\"><a class=\"text-body text-decoration-none\" href=\"https:\/\/amblapaz.esteri.it\/it\/news\/dall_ambasciata\/2026\/06\/borse-di-studio-accademia-darti-e-mestieri-dello-spettacolo-teatro-alla-scala\/\" title=\"Borse di studio: Accademia d&#8217;Arti e Mestieri dello Spettacolo Teatro alla Scala\">Borse di studio: Accademia d&#8217;Arti e Mestieri dello Spettacolo Teatro alla Scala<\/a><\/h5>\n                            <p class=\"card-text\">L&#8217;Accademia d&#8217;Arti e Mestieri dello Spettacolo Teatro alla Scala in collaborazione con il Politecnico di Milano ha aperto le selezioni per il &#8220;Global Master in Performing Arts Management\u201d di durata annuale. Il programma offre opportunit\u00e0 di alta formazione, sostenute da borse di studio dell&#8217;associazione &#8220;Gianluca Spina&#8221; e del MAECI per i candidati stranieri meritevoli. Data [&hellip;]<\/p>\n                                <a title=\"Borse di studio: Accademia d&#8217;Arti e Mestieri dello Spettacolo Teatro alla Scala\" class=\"read-more\" href=\"https:\/\/amblapaz.esteri.it\/it\/news\/dall_ambasciata\/2026\/06\/borse-di-studio-accademia-darti-e-mestieri-dello-spettacolo-teatro-alla-scala\/\">\n                                    <span class=\"text\">Leggi di pi\u00f9<\/span>\n                                    <svg class=\"icon\">\n                                    <use xlink:href=\"https:\/\/amblapaz.esteri.it\/wp-content\/themes\/sedi-tema\/assets\/svg\/sprites.svg#it-arrow-right\"><\/use>\n                                    <\/svg>\n                                <\/a>\n                                                    <\/div>\n                    <\/div>\n                <\/div>\n                <!--end card-->\n                <\/div><!-- col-12 .mt-3-->\n                            <div class=\"col-12 mt-3\">\n                <!--start card-->\n                <div class=\"card-wrapper card-space\">\n                    <div class=\"card card-bg card-big border-bottom-card\">\n                        <div class=\"card-body \">\n                                                        <div class=\"category-top\">\n                                                                                                            <span class=\"\">\n                                        <svg class=\"icon icon-secondary\">\n                                            <use xlink:href=\"https:\/\/amblapaz.esteri.it\/wp-content\/themes\/sedi-tema\/assets\/svg\/sprites.svg#it-calendar\"><\/use>\n                                        <\/svg> 5 Giugno 2026                                    <\/span>\n                                                                    <\/div>\n                            <h5 class=\"card-title big-heading text-uppercase\"><a class=\"text-body text-decoration-none\" href=\"https:\/\/amblapaz.esteri.it\/it\/news\/dall_ambasciata\/2026\/06\/viaggiare-sicuri-2\/\" title=\"VIAGGIARE SICURI\">VIAGGIARE SICURI<\/a><\/h5>\n                            <p class=\"card-text\">Si invitano tutti i cittadini in procinto di recarsi in Bolivia a consultare Viaggiare Sicuri, che fornisce indicazioni utili affinch\u00e9 ciascun viaggiatore possa adottare, in ogni situazione, un atteggiamento consapevole e comportamenti adeguati. I viaggiatori sono invitati anche a segnalare il proprio itinerario e registrare i propri riferimenti sul sito Dove siamo nel Mondo. Canale [&hellip;]<\/p>\n                                <a title=\"VIAGGIARE SICURI\" class=\"read-more\" href=\"https:\/\/amblapaz.esteri.it\/it\/news\/dall_ambasciata\/2026\/06\/viaggiare-sicuri-2\/\">\n                                    <span class=\"text\">Leggi di pi\u00f9<\/span>\n                                    <svg class=\"icon\">\n                                    <use xlink:href=\"https:\/\/amblapaz.esteri.it\/wp-content\/themes\/sedi-tema\/assets\/svg\/sprites.svg#it-arrow-right\"><\/use>\n                                    <\/svg>\n                                <\/a>\n                                                    <\/div>\n                    <\/div>\n                <\/div>\n                <!--end card-->\n                <\/div><!-- col-12 .mt-3-->\n            \n            <div class=\"col-md-12 mt-4 pb-4\">\n                <nav class=\"navigation col-md-12\" aria-label=\"Navigation\">\n                    <h2 class=\"screen-reader-text visually-hidden\">Paginazione<\/h2>\n                    <div class=\"nav-links\">\n                    <span aria-current=\"page\" class=\"page-numbers current\">1<\/span>\n<a class=\"page-numbers\" href=\"https:\/\/amblapaz.esteri.it\/it\/wp-json\/wp\/v2\/pages\/33\/?pag=2\">2<\/a>\n<a class=\"page-numbers\" href=\"https:\/\/amblapaz.esteri.it\/it\/wp-json\/wp\/v2\/pages\/33\/?pag=3\">3<\/a>\n<span class=\"page-numbers dots\">&hellip;<\/span>\n<a class=\"page-numbers\" href=\"https:\/\/amblapaz.esteri.it\/it\/wp-json\/wp\/v2\/pages\/33\/?pag=47\">47<\/a>\n<a class=\"next page-numbers\" href=\"https:\/\/amblapaz.esteri.it\/it\/wp-json\/wp\/v2\/pages\/33\/?pag=2\"><svg class=\"icon icon-primary\"><use xlink:href=\"https:\/\/amblapaz.esteri.it\/wp-content\/themes\/sedi-tema\/assets\/svg\/sprites.svg#it-chevron-right\"><\/use><\/svg>\n                                    <span class=\"visually-hidden\">Pagina successiva<\/span><\/a>                    <\/div>\n                <\/nav>\n            <\/div>   <!--.col-md-12 -->\n              <\/div><!--.row -->\n              \n","protected":false},"excerpt":{"rendered":"","protected":false},"author":1,"featured_media":0,"parent":16,"menu_order":0,"comment_status":"closed","ping_status":"closed","template":"","meta":{"footnotes":""},"class_list":["post-33","page","type-page","status-publish","hentry"],"_links":{"self":[{"href":"https:\/\/amblapaz.esteri.it\/it\/wp-json\/wp\/v2\/pages\/33","targetHints":{"allow":["GET"]}}],"collection":[{"href":"https:\/\/amblapaz.esteri.it\/it\/wp-json\/wp\/v2\/pages"}],"about":[{"href":"https:\/\/amblapaz.esteri.it\/it\/wp-json\/wp\/v2\/types\/page"}],"author":[{"embeddable":true,"href":"https:\/\/amblapaz.esteri.it\/it\/wp-json\/wp\/v2\/users\/1"}],"replies":[{"embeddable":true,"href":"https:\/\/amblapaz.esteri.it\/it\/wp-json\/wp\/v2\/comments?post=33"}],"version-history":[{"count":1,"href":"https:\/\/amblapaz.esteri.it\/it\/wp-json\/wp\/v2\/pages\/33\/revisions"}],"predecessor-version":[{"id":34,"href":"https:\/\/amblapaz.esteri.it\/it\/wp-json\/wp\/v2\/pages\/33\/revisions\/34"}],"up":[{"embeddable":true,"href":"https:\/\/amblapaz.esteri.it\/it\/wp-json\/wp\/v2\/pages\/16"}],"wp:attachment":[{"href":"https:\/\/amblapaz.esteri.it\/it\/wp-json\/wp\/v2\/media?parent=33"}],"curies":[{"name":"wp","href":"https:\/\/api.w.org\/{rel}","templated":true}]}}